{"id":7906,"date":"2024-10-23T00:32:25","date_gmt":"2024-10-23T00:32:25","guid":{"rendered":"https:\/\/pgyme.com\/?page_id=7906"},"modified":"2025-11-06T18:08:21","modified_gmt":"2025-11-06T18:08:21","slug":"abogados","status":"publish","type":"page","link":"https:\/\/pgyme.com\/?page_id=7906","title":{"rendered":"Profesionales"},"content":{"rendered":"<p>[vc_row][vc_column][vc_column_text]<\/p>\n<h3 style=\"text-align: center;\">NUESTROS PROFESIONALES<\/h3>\n<p style=\"text-align: center;\">Conoce a nuestro equipo altamente capacitado que forma parte de PGyME.<\/p>\n<p style=\"text-align: center;\">Cada uno de nuestros profesionales aporta su experiencia y compromiso para ofrecerte el mejor asesoramiento legal en diversas \u00e1reas del derecho.<\/p>\n<p>[\/vc_column_text][\/vc_column][\/vc_row][vc_row _et_uniqid=\u00bbet_custom_uniqid_new_6722258f39a75&#8243;][vc_column width=\u00bb1\/3&#8243;][vc_hoverbox image=\u00bb8018&#8243; primary_title=\u00bb\u00bb hover_title=\u00bbRicardo de Jes\u00fas Mart\u00ednez Enr\u00edquez\u00bb hover_title_font_container=\u00bbcolor:%23ffffff\u00bb hover_title_google_fonts=\u00bbfont_family:Lato-Regular%3A\u00bb shape=\u00bbsquare\u00bb hover_background_color=\u00bbcustom\u00bb use_custom_fonts_hover_title=\u00bbtrue\u00bb hover_custom_background=\u00bb#161f33&#8243; css=\u00bb.vc_custom_1762452374293{margin-top: 20px !important;}\u00bb]<\/p>\n<p style=\"text-align: center;\"><span style=\"color: #dfbf22;\">Licenciado en Derecho y Contadur\u00eda P\u00fablica<\/span><\/p>\n<p style=\"text-align: center;\"><span style=\"color: #ffffff;\">Socio director general PG&amp;ME<\/span><\/p>\n<p style=\"margin: 0cm; text-align: center;\"><span style=\"color: #ffffff;\">Diplomado Juicios Contencioso Administrativo y Recurso de Revocaci\u00f3n<\/span><\/p>\n<p style=\"margin: 0cm; text-align: center;\"><span style=\"color: #ffffff;\">Diplomado en Temas Selectos en Defensa Fiscal<\/span><\/p>\n<p style=\"margin: 0cm; text-align: center;\"><span style=\"color: #ffffff;\">Diplomado en Defensa Estrat\u00e9gica Fiscal<\/span><\/p>\n<p style=\"text-align: center;\"><span style=\"color: #ffffff;\">Cuenta con m\u00e1s de 35 a\u00f1os de experiencia en el \u00e1rea fiscal.\u00a0 \u00a0 \u00a0\u00a0<\/span><\/p>\n<p>[\/vc_hoverbox][\/vc_column][vc_column width=\u00bb1\/3&#8243;][vc_hoverbox image=\u00bb8011&#8243; primary_title=\u00bb\u00bb hover_title=\u00bbJos\u00e9 Francisco Pinacho Guend\u00fclain\u00bb hover_title_font_container=\u00bbcolor:%23ffffff\u00bb hover_title_google_fonts=\u00bbfont_family:Lato-Regular%3A\u00bb shape=\u00bbsquare\u00bb hover_background_color=\u00bbcustom\u00bb use_custom_fonts_hover_title=\u00bbtrue\u00bb hover_custom_background=\u00bb#161f33&#8243; css=\u00bb.vc_custom_1762452481993{margin-top: 20px !important;}\u00bb]<\/p>\n<p style=\"text-align: center;\"><span style=\"color: #dfbf22;\">Abogado egresado de la Benem\u00e9rita Universidad de Guadalajara.<\/span><\/p>\n<p style=\"text-align: center;\"><span style=\"color: #ffffff;\">Director Jur\u00eddico\u00a0y\u00a0Litigaci\u00f3n<\/span><\/p>\n<p style=\"text-align: center;\"><span style=\"color: #ffffff;\">Maestro en Derecho Constitucional y Amparo.<\/span><\/p>\n<div style=\"text-align: center;\"><span style=\"color: #ffffff;\">Especializado en Secretar\u00eda de Tribunal de Circuito y Juzgado de Distrito.<\/span><\/div>\n<div style=\"text-align: center;\"><span style=\"color: #ffffff;\">Apoderado de importantes instituciones financieras en el pa\u00eds.<\/span><\/div>\n<div style=\"text-align: center;\"><span style=\"color: #ffffff;\">Profesor titular de Derecho Constitucional, Amparo y Taller de Pr\u00e1ctica Civil.<\/span><\/div>\n<p>[\/vc_hoverbox][\/vc_column][vc_column width=\u00bb1\/3&#8243;][vc_hoverbox image=\u00bb8013&#8243; primary_title=\u00bb\u00bb hover_title=\u00bbJorge Ricardo Z\u00fa\u00f1iga Marin\u00bb hover_title_font_container=\u00bbcolor:%23ffffff\u00bb hover_title_google_fonts=\u00bbfont_family:Lato-Regular%3A\u00bb shape=\u00bbsquare\u00bb hover_background_color=\u00bbcustom\u00bb use_custom_fonts_hover_title=\u00bbtrue\u00bb hover_custom_background=\u00bb#161f33&#8243; css=\u00bb.vc_custom_1730295762402{margin-top: 20px !important;}\u00bb]<\/p>\n<p style=\"text-align: center;\"><span style=\"color: #dfbf22;\">Licenciado en Contadur\u00eda P\u00fablica por la Universidad de Guadalajara.<\/span><\/p>\n<p style=\"text-align: center;\"><span style=\"color: #ffffff;\">Especialista en temas<\/span><\/p>\n<ul>\n<li style=\"text-align: left;\"><span style=\"color: #ffffff;\"> Contables\u00a0<\/span><\/li>\n<li style=\"text-align: left;\"><span style=\"color: #ffffff;\"> Fiscales<\/span><\/li>\n<\/ul>\n<p>&nbsp;<\/p>\n<p><span style=\"color: #161f33;\">\u00a0 \u00a0 \u00a0 \u00a0 \u00a0 \u00a0 \u00a0 \u00a0 \u00a0 \u00a0 \u00a0 \u00a0 \u00a0 \u00a0 \u00a0 \u00a0 \u00a0 \u00a0 \u00a0 \u00a0 \u00a0 \u00a0 \u00a0 \u00a0 \u00a0 \u00a0 \u00a0 \u00a0 \u00a0 \u00a0 \u00a0 \u00a0 \u00a0 \u00a0 \u00a0 \u00a0 \u00a0 \u00a0 \u00a0 \u00a0 \u00a0 \u00a0 \u00a0 \u00a0 \u00a0 \u00a0 \u00a0 \u00a0 \u00a0 \u00a0 \u00a0 \u00a0 \u00a0 \u00a0 \u00a0 \u00a0 \u00a0 \u00a0 \u00a0 \u00a0 \u00a0 \u00a0 \u00a0 \u00a0 \u00a0 \u00a0 \u00a0 \u00a0 \u00a0 \u00a0 \u00a0 \u00a0 \u00a0 \u00a0 \u00a0 \u00a0 \u00a0 \u00a0 \u00a0 \u00a0 \u00a0 \u00a0 \u00a0 \u00a0 \u00a0 \u00a0 \u00a0 \u00a0 \u00a0 \u00a0 \u00a0 \u00a0 \u00a0 \u00a0 \u00a0 \u00a0 \u00a0 \u00a0 \u00a0 \u00a0 \u00a0 \u00a0 \u00a0 \u00a0 \u00a0 \u00a0 \u00a0 \u00a0 \u00a0 \u00a0 \u00a0 \u00a0 \u00a0 \u00a0 \u00a0 \u00a0 \u00a0 \u00a0 \u00a0 \u00a0 \u00a0 \u00a0 \u00a0 \u00a0 \u00a0 \u00a0 \u00a0 \u00a0 \u00a0 \u00a0 \u00a0 \u00a0 \u00a0 \u00a0 \u00a0 \u00a0 \u00a0 \u00a0 \u00a0 \u00a0 \u00a0 \u00a0 \u00a0 \u00a0 .<\/span>[\/vc_hoverbox][\/vc_column][\/vc_row][vc_section _et_uniqid=\u00bbet_custom_uniqid_new_6718496dbe7e5&#8243;][vc_row][vc_column width=\u00bb1\/3&#8243;][vc_hoverbox image=\u00bb8014&#8243; primary_title=\u00bb\u00bb hover_title=\u00bbFrancisco Elias Mendoza Ballesteros\u00bb hover_title_font_container=\u00bbcolor:%23ffffff\u00bb hover_title_google_fonts=\u00bbfont_family:Lato-Regular%3A\u00bb shape=\u00bbsquare\u00bb hover_background_color=\u00bbcustom\u00bb use_custom_fonts_hover_title=\u00bbtrue\u00bb hover_custom_background=\u00bb#161f33&#8243; css=\u00bb.vc_custom_1730296241861{margin-top: 20px !important;}\u00bb]<span style=\"color: #dfbf22;\">Licenciado en Derecho por la Universidad Enrique D\u00edaz de Le\u00f3n .<\/span><\/p>\n<p><span style=\"color: #ffffff;\">Especialista en Derecho:<\/span><\/p>\n<ul>\n<li style=\"text-align: left;\"><span style=\"color: #ffffff;\">Administrativo<\/span><\/li>\n<li style=\"text-align: left;\"><span style=\"color: #ffffff;\">Civil<\/span><\/li>\n<li style=\"text-align: left;\"><span style=\"color: #ffffff;\">Familiar<\/span><\/li>\n<li style=\"text-align: left;\"><span style=\"color: #ffffff;\">Mercantil\u00a0 \u00a0<\/span> \u00a0 \u00a0 \u00a0 \u00a0 \u00a0 \u00a0 \u00a0 \u00a0 \u00a0 \u00a0 \u00a0 \u00a0 \u00a0 \u00a0 \u00a0 \u00a0 \u00a0 \u00a0 \u00a0 \u00a0 \u00a0 \u00a0 \u00a0 \u00a0 \u00a0 \u00a0 \u00a0 \u00a0 \u00a0 \u00a0 \u00a0 \u00a0 \u00a0 \u00a0 \u00a0 \u00a0 \u00a0 \u00a0 \u00a0 \u00a0 \u00a0 \u00a0 \u00a0 \u00a0 \u00a0 \u00a0 \u00a0 \u00a0 \u00a0 \u00a0 \u00a0 \u00a0 \u00a0 \u00a0 \u00a0 \u00a0 \u00a0 \u00a0 \u00a0 \u00a0 \u00a0 \u00a0 \u00a0 \u00a0 \u00a0 \u00a0 \u00a0 \u00a0 \u00a0 \u00a0 \u00a0 \u00a0 \u00a0 \u00a0 \u00a0 \u00a0 \u00a0 \u00a0 \u00a0 \u00a0 \u00a0 \u00a0 \u00a0 \u00a0 \u00a0 \u00a0 \u00a0 \u00a0 \u00a0 \u00a0 \u00a0 \u00a0 \u00a0 \u00a0 ________________________________________<\/li>\n<\/ul>\n<p>[\/vc_hoverbox][\/vc_column][vc_column width=\u00bb1\/3&#8243;][vc_hoverbox image=\u00bb8005&#8243; primary_title=\u00bb\u00bb hover_title=\u00bbCarlos Adrian Flores Ascencio\u00bb hover_title_font_container=\u00bbcolor:%23ffffff\u00bb hover_title_google_fonts=\u00bbfont_family:Lato-Regular%3A\u00bb shape=\u00bbsquare\u00bb hover_background_color=\u00bbcustom\u00bb use_custom_fonts_hover_title=\u00bbtrue\u00bb hover_custom_background=\u00bb#161f33&#8243; css=\u00bb.vc_custom_1730293593082{margin-top: 20px !important;}\u00bb]<span style=\"color: #dfbf22;\">Licenciado en Derecho por la Universidad Enrique Diaz de Le\u00f3n .<\/span><\/p>\n<p><span style=\"color: #ffffff;\">Especialista en Derecho:<\/span><\/p>\n<ul>\n<li style=\"text-align: left;\"><span style=\"color: #ffffff;\">Administrativo<\/span><\/li>\n<li style=\"text-align: left;\"><span style=\"color: #ffffff;\">Civil<\/span><\/li>\n<li style=\"text-align: left;\"><span style=\"color: #ffffff;\">Familiar<\/span><\/li>\n<li style=\"text-align: left;\"><span style=\"color: #ffffff;\">Mercantil<\/span><span style=\"color: #161f33;\">\u00a0 \u00a0 \u00a0 \u00a0 \u00a0 \u00a0 \u00a0 \u00a0 \u00a0 \u00a0 \u00a0 \u00a0 \u00a0 \u00a0 \u00a0 \u00a0 \u00a0 \u00a0 \u00a0 \u00a0 \u00a0 \u00a0 \u00a0 \u00a0 \u00a0 \u00a0 \u00a0 \u00a0 \u00a0 \u00a0 \u00a0 \u00a0 \u00a0 \u00a0 \u00a0 \u00a0 \u00a0 \u00a0 \u00a0 \u00a0 \u00a0 \u00a0 \u00a0 \u00a0 \u00a0 \u00a0 \u00a0 \u00a0 \u00a0 \u00a0 \u00a0 \u00a0 \u00a0 \u00a0 \u00a0 \u00a0 \u00a0 \u00a0 \u00a0 \u00a0 \u00a0 \u00a0 \u00a0 \u00a0 \u00a0 \u00a0 \u00a0 \u00a0 \u00a0 \u00a0 \u00a0 \u00a0 \u00a0 \u00a0 \u00a0 \u00a0 \u00a0 \u00a0 \u00a0 \u00a0 \u00a0 \u00a0 \u00a0 \u00a0 \u00a0 \u00a0 \u00a0 \u00a0 \u00a0 \u00a0 \u00a0 \u00a0 \u00a0 \u00a0 \u00a0 \u00a0 \u00a0 \u00a0 \u00a0 \u00a0 \u00a0 \u00a0 \u00a0 \u00a0 \u00a0 \u00a0 \u00a0 \u00a0 \u00a0 \u00a0 \u00a0 \u00a0 \u00a0 \u00a0 \u00a0 \u00a0 \u00a0 \u00a0 \u00a0 \u00a0 \u00a0 \u00a0 \u00a0 \u00a0 \u00a0 <\/span>.<\/li>\n<\/ul>\n<p>[\/vc_hoverbox][\/vc_column][vc_column width=\u00bb1\/3&#8243;][vc_hoverbox image=\u00bb8007&#8243; primary_title=\u00bb\u00bb hover_title=\u00bbJessica Esmeralda Renter\u00eda Hern\u00e1ndez\u00bb hover_title_font_container=\u00bbcolor:%23ffffff\u00bb hover_title_google_fonts=\u00bbfont_family:Lato-Regular%3A\u00bb shape=\u00bbsquare\u00bb hover_background_color=\u00bbcustom\u00bb use_custom_fonts_hover_title=\u00bbtrue\u00bb hover_custom_background=\u00bb#161f33&#8243; css=\u00bb.vc_custom_1730294053548{margin-top: 20px !important;}\u00bb]<span style=\"color: #dfbf22;\">Licenciado en Derecho por la Universidad Enrique D\u00edaz de Le\u00f3n.<\/span><\/p>\n<p><span style=\"color: #ffffff;\">Especialista en Derecho:<\/span><\/p>\n<ul>\n<li style=\"text-align: left;\"><span style=\"color: #ffffff;\">Administrativo<\/span><\/li>\n<li style=\"text-align: left;\"><span style=\"color: #ffffff;\">Civil<\/span><\/li>\n<li style=\"text-align: left;\"><span style=\"color: #ffffff;\">Familiar<\/span><\/li>\n<li style=\"text-align: left;\"><span style=\"color: #ffffff;\">Mercantil\u00a0 \u00a0 \u00a0 \u00a0 \u00a0 \u00a0 \u00a0 \u00a0 \u00a0 \u00a0 \u00a0 \u00a0 \u00a0 \u00a0 \u00a0 \u00a0 \u00a0 \u00a0 \u00a0 \u00a0 \u00a0 \u00a0 \u00a0 \u00a0 \u00a0 \u00a0 \u00a0 \u00a0 \u00a0 \u00a0 \u00a0 \u00a0 \u00a0 \u00a0 \u00a0 \u00a0 \u00a0 \u00a0 \u00a0 \u00a0 \u00a0 \u00a0 \u00a0 \u00a0 \u00a0 \u00a0 \u00a0 \u00a0 \u00a0 \u00a0 \u00a0 \u00a0 \u00a0 \u00a0 \u00a0 \u00a0 \u00a0 \u00a0 \u00a0 \u00a0 \u00a0 \u00a0 \u00a0 \u00a0 \u00a0 \u00a0 \u00a0 \u00a0 \u00a0 \u00a0 \u00a0 \u00a0 \u00a0 \u00a0 \u00a0 \u00a0 \u00a0 \u00a0 \u00a0 \u00a0 \u00a0 \u00a0 \u00a0 \u00a0 \u00a0 \u00a0 \u00a0 \u00a0 \u00a0 \u00a0 \u00a0 \u00a0 \u00a0 \u00a0 \u00a0 \u00a0 \u00a0 \u00a0 \u00a0 \u00a0 \u00a0 \u00a0 \u00a0 \u00a0 \u00a0 \u00a0 \u00a0 \u00a0 \u00a0 \u00a0 \u00a0 \u00a0 \u00a0 \u00a0 \u00a0 \u00a0 \u00a0 \u00a0 \u00a0 \u00a0 \u00a0 \u00a0 \u00a0 \u00a0 \u00a0 <\/span>.<\/li>\n<\/ul>\n<p>[\/vc_hoverbox][\/vc_column][\/vc_row][\/vc_section][vc_section _et_uniqid=\u00bbet_custom_uniqid_new_67184976abf80&#8243;][vc_row][vc_column width=\u00bb1\/3&#8243;][\/vc_column][vc_column width=\u00bb1\/3&#8243;][\/vc_column][vc_column width=\u00bb1\/3&#8243;][\/vc_column][\/vc_row][\/vc_section]<\/p>\n","protected":false},"excerpt":{"rendered":"<p>[vc_row][vc_column][vc_column_text] NUESTROS PROFESIONALES Conoce a nuestro equipo altamente capacitado que forma parte de PGyME. Cada uno de nuestros profesionales aporta su experiencia y compromiso para ofrecerte el mejor asesoramiento legal en diversas \u00e1reas del derecho. [\/vc_column_text][\/vc_column][\/vc_row][vc_row _et_uniqid=\u00bbet_custom_uniqid_new_6722258f39a75&#8243;][vc_column width=\u00bb1\/3&#8243;][vc_hoverbox image=\u00bb8018&#8243; primary_title=\u00bb\u00bb hover_title=\u00bbRicardo de Jes\u00fas Mart\u00ednez Enr\u00edquez\u00bb hover_title_font_container=\u00bbcolor:%23ffffff\u00bb hover_title_google_fonts=\u00bbfont_family:Lato-Regular%3A\u00bb shape=\u00bbsquare\u00bb hover_background_color=\u00bbcustom\u00bb use_custom_fonts_hover_title=\u00bbtrue\u00bb hover_custom_background=\u00bb#161f33&#8243; css=\u00bb.vc_custom_1762452374293{margin-top: 20px !important;}\u00bb] Licenciado en Derecho y Contadur\u00eda P\u00fablica Socio director general PG&amp;ME Diplomado Juicios Contencioso Administrativo y Recurso de Revocaci\u00f3n Diplomado en Temas Selectos en Defensa Fiscal Diplomado en Defensa Estrat\u00e9gica Fiscal Cuenta con m\u00e1s de 35 a\u00f1os de experiencia en el \u00e1rea fiscal.\u00a0 \u00a0 \u00a0\u00a0 [\/vc_hoverbox][\/vc_column][vc_column width=\u00bb1\/3&#8243;][vc_hoverbox&#8230;<\/p>\n","protected":false},"author":2,"featured_media":0,"parent":0,"menu_order":0,"comment_status":"closed","ping_status":"closed","template":"","meta":[],"_links":{"self":[{"href":"https:\/\/pgyme.com\/index.php?rest_route=\/wp\/v2\/pages\/7906"}],"collection":[{"href":"https:\/\/pgyme.com\/index.php?rest_route=\/wp\/v2\/pages"}],"about":[{"href":"https:\/\/pgyme.com\/index.php?rest_route=\/wp\/v2\/types\/page"}],"author":[{"embeddable":true,"href":"https:\/\/pgyme.com\/index.php?rest_route=\/wp\/v2\/users\/2"}],"replies":[{"embeddable":true,"href":"https:\/\/pgyme.com\/index.php?rest_route=%2Fwp%2Fv2%2Fcomments&post=7906"}],"version-history":[{"count":72,"href":"https:\/\/pgyme.com\/index.php?rest_route=\/wp\/v2\/pages\/7906\/revisions"}],"predecessor-version":[{"id":8028,"href":"https:\/\/pgyme.com\/index.php?rest_route=\/wp\/v2\/pages\/7906\/revisions\/8028"}],"wp:attachment":[{"href":"https:\/\/pgyme.com\/index.php?rest_route=%2Fwp%2Fv2%2Fmedia&parent=7906"}],"curies":[{"name":"wp","href":"https:\/\/api.w.org\/{rel}","templated":true}]}}